{"id":3682,"date":"2023-09-17T18:42:52","date_gmt":"2023-09-17T15:42:52","guid":{"rendered":"https:\/\/www.epes-lb.org\/about-us__trashed\/mission-vision\/"},"modified":"2025-10-01T14:19:04","modified_gmt":"2025-10-01T11:19:04","slug":"mission-vision","status":"publish","type":"page","link":"https:\/\/www.epes-lb.org\/en\/about-us\/mission-vision\/","title":{"rendered":"Our mission and vision"},"content":{"rendered":"\n<p class=\"has-text-align-center has-orange-color has-text-color has-normal-font-size\"><strong>Our Mission<\/strong><\/p>\n\n\n\n<div class=\"wp-block-media-text is-stacked-on-mobile\"><figure class=\"wp-block-media-text__media\"><img loading=\"lazy\" decoding=\"async\" width=\"1024\" height=\"576\" src=\"https:\/\/www.epes-lb.org\/wp-content\/uploads\/2023\/12\/20220201_092927-1024x576.jpg\" alt=\"\" class=\"wp-image-3283 size-full\" srcset=\"https:\/\/www.epes-lb.org\/wp-content\/uploads\/2023\/12\/20220201_092927-1024x576.jpg 1024w, https:\/\/www.epes-lb.org\/wp-content\/uploads\/2023\/12\/20220201_092927-300x169.jpg 300w, https:\/\/www.epes-lb.org\/wp-content\/uploads\/2023\/12\/20220201_092927-768x432.jpg 768w, https:\/\/www.epes-lb.org\/wp-content\/uploads\/2023\/12\/20220201_092927-1536x864.jpg 1536w, https:\/\/www.epes-lb.org\/wp-content\/uploads\/2023\/12\/20220201_092927-2048x1152.jpg 2048w, https:\/\/www.epes-lb.org\/wp-content\/uploads\/2023\/12\/20220201_092927-500x281.jpg 500w, https:\/\/www.epes-lb.org\/wp-content\/uploads\/2023\/12\/20220201_092927-800x450.jpg 800w, https:\/\/www.epes-lb.org\/wp-content\/uploads\/2023\/12\/20220201_092927-1280x720.jpg 1280w, https:\/\/www.epes-lb.org\/wp-content\/uploads\/2023\/12\/20220201_092927-1920x1080.jpg 1920w\" sizes=\"auto, (max-width: 1024px) 100vw, 1024px\" \/><\/figure><div class=\"wp-block-media-text__content\">\n<p style=\"font-style:normal;font-weight:300\">Our mission to create a network of specialists, specialized educators, parents and programs allowing special needs children to have a fuller life.<\/p>\n<\/div><\/div>\n\n\n\n<p class=\"has-text-align-center has-orange-color has-text-color has-normal-font-size\"><strong>Our Vision<\/strong><\/p>\n\n\n\n<div class=\"wp-block-media-text has-media-on-the-right is-stacked-on-mobile\"><div class=\"wp-block-media-text__content\">\n<p style=\"font-style:normal;font-weight:300\">In our vision, special needs children don&#8217;t face obstacles to growing up, being joyful, independent and integrated to society.<\/p>\n<\/div><figure class=\"wp-block-media-text__media\"><img loading=\"lazy\" decoding=\"async\" width=\"768\" height=\"1024\" src=\"http:\/\/www.epes-lb.org\/wp-content\/uploads\/2025\/10\/Photo-4-Educ-enfant-2-768x1024.jpeg\" alt=\"\" class=\"wp-image-3939 size-full\" srcset=\"https:\/\/www.epes-lb.org\/wp-content\/uploads\/2025\/10\/Photo-4-Educ-enfant-2-768x1024.jpeg 768w, https:\/\/www.epes-lb.org\/wp-content\/uploads\/2025\/10\/Photo-4-Educ-enfant-2-225x300.jpeg 225w, https:\/\/www.epes-lb.org\/wp-content\/uploads\/2025\/10\/Photo-4-Educ-enfant-2-1152x1536.jpeg 1152w, https:\/\/www.epes-lb.org\/wp-content\/uploads\/2025\/10\/Photo-4-Educ-enfant-2-1536x2048.jpeg 1536w, https:\/\/www.epes-lb.org\/wp-content\/uploads\/2025\/10\/Photo-4-Educ-enfant-2-500x667.jpeg 500w, https:\/\/www.epes-lb.org\/wp-content\/uploads\/2025\/10\/Photo-4-Educ-enfant-2-800x1067.jpeg 800w, https:\/\/www.epes-lb.org\/wp-content\/uploads\/2025\/10\/Photo-4-Educ-enfant-2-1280x1707.jpeg 1280w, https:\/\/www.epes-lb.org\/wp-content\/uploads\/2025\/10\/Photo-4-Educ-enfant-2-scaled.jpeg 1920w\" sizes=\"auto, (max-width: 768px) 100vw, 768px\" \/><\/figure><\/div>\n","protected":false},"excerpt":{"rendered":"<p>Our Mission Our mission to create a network of specialists, specialized educators, parents and programs allowing special needs children to have a fuller life. Our Vision In our vision, special needs children don&#8217;t face obstacles to growing up, being joyful, independent and integrated to society.<\/p>\n","protected":false},"author":15,"featured_media":3210,"parent":1985,"menu_order":2,"comment_status":"closed","ping_status":"closed","template":"","meta":{"_acf_changed":false,"footnotes":""},"class_list":["post-3682","page","type-page","status-publish","has-post-thumbnail","hentry"],"acf":[],"yoast_head":"<!-- This site is optimized with the Yoast SEO plugin v27.5 - https:\/\/yoast.com\/product\/yoast-seo-wordpress\/ -->\n<title>Our mission and vision - EPES Liban<\/title>\n<meta name=\"description\" content=\"Our Mission Our mission to create a network of specialists, specialized educators, parents and programs allowing special needs children to have a fuller L\u2019EPES a \u00e9t\u00e9 \u00e9tabli le 07 d\u00e9cembre 1992 comme organisation \u00e0 but non lucratif sous le num\u00e9ro 484\/AD selon l\u2019accord du Ministre des Affaires Sociales. Son objectif principal consiste \u00e0 prendre soin des personnes ayant des besoins sp\u00e9ciaux, et plus pr\u00e9cis\u00e9ment ceux qui souffrent de troubles mentaux l\u00e9gers ou mod\u00e9r\u00e9s. L\u2019association accueille des jeunes de diff\u00e9rentes r\u00e9gions et de diff\u00e9rentes nationalit\u00e9s. En septembre 2021, EPES est pass\u00e9e sous la tutelle de la communaut\u00e9 spirituelle connue sous le nom de la \u00ab Communaut\u00e9 du Chemin Neuf \u00bb - CCN. La communaut\u00e9 prend en charge la gestion de l\u2019\u00e9cole afin de mieux servir les enfants en besoin au cours de chaque \u00e9tape de leur vie et de leur d\u00e9veloppement.\" \/>\n<meta name=\"robots\" content=\"index, follow, max-snippet:-1, max-image-preview:large, max-video-preview:-1\" \/>\n<link rel=\"canonical\" href=\"https:\/\/www.epes-lb.org\/en\/about-us\/mission-vision\/\" \/>\n<meta property=\"og:locale\" content=\"en_US\" \/>\n<meta property=\"og:type\" content=\"article\" \/>\n<meta property=\"og:title\" content=\"Our mission and vision - EPES Liban\" \/>\n<meta property=\"og:description\" content=\"Our Mission Our mission to create a network of specialists, specialized educators, parents and programs allowing special needs children to have a fuller L\u2019EPES a \u00e9t\u00e9 \u00e9tabli le 07 d\u00e9cembre 1992 comme organisation \u00e0 but non lucratif sous le num\u00e9ro 484\/AD selon l\u2019accord du Ministre des Affaires Sociales. Son objectif principal consiste \u00e0 prendre soin des personnes ayant des besoins sp\u00e9ciaux, et plus pr\u00e9cis\u00e9ment ceux qui souffrent de troubles mentaux l\u00e9gers ou mod\u00e9r\u00e9s. L\u2019association accueille des jeunes de diff\u00e9rentes r\u00e9gions et de diff\u00e9rentes nationalit\u00e9s. En septembre 2021, EPES est pass\u00e9e sous la tutelle de la communaut\u00e9 spirituelle connue sous le nom de la \u00ab Communaut\u00e9 du Chemin Neuf \u00bb - CCN. La communaut\u00e9 prend en charge la gestion de l\u2019\u00e9cole afin de mieux servir les enfants en besoin au cours de chaque \u00e9tape de leur vie et de leur d\u00e9veloppement.\" \/>\n<meta property=\"og:url\" content=\"https:\/\/www.epes-lb.org\/en\/about-us\/mission-vision\/\" \/>\n<meta property=\"og:site_name\" content=\"EPES Liban\" \/>\n<meta property=\"article:publisher\" content=\"https:\/\/www.facebook.com\/profile.php?id=100079689706739\" \/>\n<meta property=\"article:modified_time\" content=\"2025-10-01T11:19:04+00:00\" \/>\n<meta property=\"og:image\" content=\"http:\/\/www.epes-lb.org\/wp-content\/uploads\/2023\/12\/coucher-de-soleil-scaled.jpg\" \/>\n\t<meta property=\"og:image:width\" content=\"2560\" \/>\n\t<meta property=\"og:image:height\" content=\"1920\" \/>\n\t<meta property=\"og:image:type\" content=\"image\/jpeg\" \/>\n<meta name=\"twitter:card\" content=\"summary_large_image\" \/>\n<meta name=\"twitter:label1\" content=\"Est. reading time\" \/>\n\t<meta name=\"twitter:data1\" content=\"1 minute\" \/>\n<script type=\"application\/ld+json\" class=\"yoast-schema-graph\">{\"@context\":\"https:\\\/\\\/schema.org\",\"@graph\":[{\"@type\":\"WebPage\",\"@id\":\"https:\\\/\\\/www.epes-lb.org\\\/en\\\/about-us\\\/mission-vision\\\/\",\"url\":\"https:\\\/\\\/www.epes-lb.org\\\/en\\\/about-us\\\/mission-vision\\\/\",\"name\":\"Our mission and vision - EPES Liban\",\"isPartOf\":{\"@id\":\"https:\\\/\\\/www.epes-lb.org\\\/en\\\/#website\"},\"primaryImageOfPage\":{\"@id\":\"https:\\\/\\\/www.epes-lb.org\\\/en\\\/about-us\\\/mission-vision\\\/#primaryimage\"},\"image\":{\"@id\":\"https:\\\/\\\/www.epes-lb.org\\\/en\\\/about-us\\\/mission-vision\\\/#primaryimage\"},\"thumbnailUrl\":\"https:\\\/\\\/www.epes-lb.org\\\/wp-content\\\/uploads\\\/2023\\\/12\\\/coucher-de-soleil-scaled.jpg\",\"datePublished\":\"2023-09-17T15:42:52+00:00\",\"dateModified\":\"2025-10-01T11:19:04+00:00\",\"description\":\"Our Mission Our mission to create a network of specialists, specialized educators, parents and programs allowing special needs children to have a fuller L\u2019EPES a \u00e9t\u00e9 \u00e9tabli le 07 d\u00e9cembre 1992 comme organisation \u00e0 but non lucratif sous le num\u00e9ro 484\\\/AD selon l\u2019accord du Ministre des Affaires Sociales. Son objectif principal consiste \u00e0 prendre soin des personnes ayant des besoins sp\u00e9ciaux, et plus pr\u00e9cis\u00e9ment ceux qui souffrent de troubles mentaux l\u00e9gers ou mod\u00e9r\u00e9s. L\u2019association accueille des jeunes de diff\u00e9rentes r\u00e9gions et de diff\u00e9rentes nationalit\u00e9s. En septembre 2021, EPES est pass\u00e9e sous la tutelle de la communaut\u00e9 spirituelle connue sous le nom de la \u00ab Communaut\u00e9 du Chemin Neuf \u00bb - CCN. La communaut\u00e9 prend en charge la gestion de l\u2019\u00e9cole afin de mieux servir les enfants en besoin au cours de chaque \u00e9tape de leur vie et de leur d\u00e9veloppement.\",\"breadcrumb\":{\"@id\":\"https:\\\/\\\/www.epes-lb.org\\\/en\\\/about-us\\\/mission-vision\\\/#breadcrumb\"},\"inLanguage\":\"en-US\",\"potentialAction\":[{\"@type\":\"ReadAction\",\"target\":[\"https:\\\/\\\/www.epes-lb.org\\\/en\\\/about-us\\\/mission-vision\\\/\"]}]},{\"@type\":\"ImageObject\",\"inLanguage\":\"en-US\",\"@id\":\"https:\\\/\\\/www.epes-lb.org\\\/en\\\/about-us\\\/mission-vision\\\/#primaryimage\",\"url\":\"https:\\\/\\\/www.epes-lb.org\\\/wp-content\\\/uploads\\\/2023\\\/12\\\/coucher-de-soleil-scaled.jpg\",\"contentUrl\":\"https:\\\/\\\/www.epes-lb.org\\\/wp-content\\\/uploads\\\/2023\\\/12\\\/coucher-de-soleil-scaled.jpg\",\"width\":2560,\"height\":1920},{\"@type\":\"BreadcrumbList\",\"@id\":\"https:\\\/\\\/www.epes-lb.org\\\/en\\\/about-us\\\/mission-vision\\\/#breadcrumb\",\"itemListElement\":[{\"@type\":\"ListItem\",\"position\":1,\"name\":\"Home\",\"item\":\"https:\\\/\\\/www.epes-lb.org\\\/en\\\/\"},{\"@type\":\"ListItem\",\"position\":2,\"name\":\"ABOUT US\",\"item\":\"https:\\\/\\\/www.epes-lb.org\\\/en\\\/about-us\\\/\"},{\"@type\":\"ListItem\",\"position\":3,\"name\":\"Our mission and vision\"}]},{\"@type\":\"WebSite\",\"@id\":\"https:\\\/\\\/www.epes-lb.org\\\/en\\\/#website\",\"url\":\"https:\\\/\\\/www.epes-lb.org\\\/en\\\/\",\"name\":\"EPES Liban\",\"description\":\"EPES, anim\u00e9 par la Communaut\u00e9 du Chemin Neuf au Liban\",\"publisher\":{\"@id\":\"https:\\\/\\\/www.epes-lb.org\\\/en\\\/#organization\"},\"potentialAction\":[{\"@type\":\"SearchAction\",\"target\":{\"@type\":\"EntryPoint\",\"urlTemplate\":\"https:\\\/\\\/www.epes-lb.org\\\/en\\\/?s={search_term_string}\"},\"query-input\":{\"@type\":\"PropertyValueSpecification\",\"valueRequired\":true,\"valueName\":\"search_term_string\"}}],\"inLanguage\":\"en-US\"},{\"@type\":\"Organization\",\"@id\":\"https:\\\/\\\/www.epes-lb.org\\\/en\\\/#organization\",\"name\":\"EPES Liban\",\"url\":\"https:\\\/\\\/www.epes-lb.org\\\/en\\\/\",\"logo\":{\"@type\":\"ImageObject\",\"inLanguage\":\"en-US\",\"@id\":\"https:\\\/\\\/www.epes-lb.org\\\/en\\\/#\\\/schema\\\/logo\\\/image\\\/\",\"url\":\"https:\\\/\\\/www.epes-lb.org\\\/wp-content\\\/uploads\\\/2023\\\/12\\\/Logo-EPES-couleur-sans-fond.png\",\"contentUrl\":\"https:\\\/\\\/www.epes-lb.org\\\/wp-content\\\/uploads\\\/2023\\\/12\\\/Logo-EPES-couleur-sans-fond.png\",\"width\":498,\"height\":501,\"caption\":\"EPES Liban\"},\"image\":{\"@id\":\"https:\\\/\\\/www.epes-lb.org\\\/en\\\/#\\\/schema\\\/logo\\\/image\\\/\"},\"sameAs\":[\"https:\\\/\\\/www.facebook.com\\\/profile.php?id=100079689706739\",\"https:\\\/\\\/www.instagram.com\\\/epes.lb\\\/?igshid=OGQ5ZDc2ODk2ZA\"]}]}<\/script>\n<!-- \/ Yoast SEO plugin. -->","yoast_head_json":{"title":"Our mission and vision - EPES Liban","description":"Our Mission Our mission to create a network of specialists, specialized educators, parents and programs allowing special needs children to have a fuller L\u2019EPES a \u00e9t\u00e9 \u00e9tabli le 07 d\u00e9cembre 1992 comme organisation \u00e0 but non lucratif sous le num\u00e9ro 484\/AD selon l\u2019accord du Ministre des Affaires Sociales. Son objectif principal consiste \u00e0 prendre soin des personnes ayant des besoins sp\u00e9ciaux, et plus pr\u00e9cis\u00e9ment ceux qui souffrent de troubles mentaux l\u00e9gers ou mod\u00e9r\u00e9s. L\u2019association accueille des jeunes de diff\u00e9rentes r\u00e9gions et de diff\u00e9rentes nationalit\u00e9s. En septembre 2021, EPES est pass\u00e9e sous la tutelle de la communaut\u00e9 spirituelle connue sous le nom de la \u00ab Communaut\u00e9 du Chemin Neuf \u00bb - CCN. La communaut\u00e9 prend en charge la gestion de l\u2019\u00e9cole afin de mieux servir les enfants en besoin au cours de chaque \u00e9tape de leur vie et de leur d\u00e9veloppement.","robots":{"index":"index","follow":"follow","max-snippet":"max-snippet:-1","max-image-preview":"max-image-preview:large","max-video-preview":"max-video-preview:-1"},"canonical":"https:\/\/www.epes-lb.org\/en\/about-us\/mission-vision\/","og_locale":"en_US","og_type":"article","og_title":"Our mission and vision - EPES Liban","og_description":"Our Mission Our mission to create a network of specialists, specialized educators, parents and programs allowing special needs children to have a fuller L\u2019EPES a \u00e9t\u00e9 \u00e9tabli le 07 d\u00e9cembre 1992 comme organisation \u00e0 but non lucratif sous le num\u00e9ro 484\/AD selon l\u2019accord du Ministre des Affaires Sociales. Son objectif principal consiste \u00e0 prendre soin des personnes ayant des besoins sp\u00e9ciaux, et plus pr\u00e9cis\u00e9ment ceux qui souffrent de troubles mentaux l\u00e9gers ou mod\u00e9r\u00e9s. L\u2019association accueille des jeunes de diff\u00e9rentes r\u00e9gions et de diff\u00e9rentes nationalit\u00e9s. En septembre 2021, EPES est pass\u00e9e sous la tutelle de la communaut\u00e9 spirituelle connue sous le nom de la \u00ab Communaut\u00e9 du Chemin Neuf \u00bb - CCN. La communaut\u00e9 prend en charge la gestion de l\u2019\u00e9cole afin de mieux servir les enfants en besoin au cours de chaque \u00e9tape de leur vie et de leur d\u00e9veloppement.","og_url":"https:\/\/www.epes-lb.org\/en\/about-us\/mission-vision\/","og_site_name":"EPES Liban","article_publisher":"https:\/\/www.facebook.com\/profile.php?id=100079689706739","article_modified_time":"2025-10-01T11:19:04+00:00","og_image":[{"width":2560,"height":1920,"url":"http:\/\/www.epes-lb.org\/wp-content\/uploads\/2023\/12\/coucher-de-soleil-scaled.jpg","type":"image\/jpeg"}],"twitter_card":"summary_large_image","twitter_misc":{"Est. reading time":"1 minute"},"schema":{"@context":"https:\/\/schema.org","@graph":[{"@type":"WebPage","@id":"https:\/\/www.epes-lb.org\/en\/about-us\/mission-vision\/","url":"https:\/\/www.epes-lb.org\/en\/about-us\/mission-vision\/","name":"Our mission and vision - EPES Liban","isPartOf":{"@id":"https:\/\/www.epes-lb.org\/en\/#website"},"primaryImageOfPage":{"@id":"https:\/\/www.epes-lb.org\/en\/about-us\/mission-vision\/#primaryimage"},"image":{"@id":"https:\/\/www.epes-lb.org\/en\/about-us\/mission-vision\/#primaryimage"},"thumbnailUrl":"https:\/\/www.epes-lb.org\/wp-content\/uploads\/2023\/12\/coucher-de-soleil-scaled.jpg","datePublished":"2023-09-17T15:42:52+00:00","dateModified":"2025-10-01T11:19:04+00:00","description":"Our Mission Our mission to create a network of specialists, specialized educators, parents and programs allowing special needs children to have a fuller L\u2019EPES a \u00e9t\u00e9 \u00e9tabli le 07 d\u00e9cembre 1992 comme organisation \u00e0 but non lucratif sous le num\u00e9ro 484\/AD selon l\u2019accord du Ministre des Affaires Sociales. Son objectif principal consiste \u00e0 prendre soin des personnes ayant des besoins sp\u00e9ciaux, et plus pr\u00e9cis\u00e9ment ceux qui souffrent de troubles mentaux l\u00e9gers ou mod\u00e9r\u00e9s. L\u2019association accueille des jeunes de diff\u00e9rentes r\u00e9gions et de diff\u00e9rentes nationalit\u00e9s. En septembre 2021, EPES est pass\u00e9e sous la tutelle de la communaut\u00e9 spirituelle connue sous le nom de la \u00ab Communaut\u00e9 du Chemin Neuf \u00bb - CCN. La communaut\u00e9 prend en charge la gestion de l\u2019\u00e9cole afin de mieux servir les enfants en besoin au cours de chaque \u00e9tape de leur vie et de leur d\u00e9veloppement.","breadcrumb":{"@id":"https:\/\/www.epes-lb.org\/en\/about-us\/mission-vision\/#breadcrumb"},"inLanguage":"en-US","potentialAction":[{"@type":"ReadAction","target":["https:\/\/www.epes-lb.org\/en\/about-us\/mission-vision\/"]}]},{"@type":"ImageObject","inLanguage":"en-US","@id":"https:\/\/www.epes-lb.org\/en\/about-us\/mission-vision\/#primaryimage","url":"https:\/\/www.epes-lb.org\/wp-content\/uploads\/2023\/12\/coucher-de-soleil-scaled.jpg","contentUrl":"https:\/\/www.epes-lb.org\/wp-content\/uploads\/2023\/12\/coucher-de-soleil-scaled.jpg","width":2560,"height":1920},{"@type":"BreadcrumbList","@id":"https:\/\/www.epes-lb.org\/en\/about-us\/mission-vision\/#breadcrumb","itemListElement":[{"@type":"ListItem","position":1,"name":"Home","item":"https:\/\/www.epes-lb.org\/en\/"},{"@type":"ListItem","position":2,"name":"ABOUT US","item":"https:\/\/www.epes-lb.org\/en\/about-us\/"},{"@type":"ListItem","position":3,"name":"Our mission and vision"}]},{"@type":"WebSite","@id":"https:\/\/www.epes-lb.org\/en\/#website","url":"https:\/\/www.epes-lb.org\/en\/","name":"EPES Liban","description":"EPES, anim\u00e9 par la Communaut\u00e9 du Chemin Neuf au Liban","publisher":{"@id":"https:\/\/www.epes-lb.org\/en\/#organization"},"potentialAction":[{"@type":"SearchAction","target":{"@type":"EntryPoint","urlTemplate":"https:\/\/www.epes-lb.org\/en\/?s={search_term_string}"},"query-input":{"@type":"PropertyValueSpecification","valueRequired":true,"valueName":"search_term_string"}}],"inLanguage":"en-US"},{"@type":"Organization","@id":"https:\/\/www.epes-lb.org\/en\/#organization","name":"EPES Liban","url":"https:\/\/www.epes-lb.org\/en\/","logo":{"@type":"ImageObject","inLanguage":"en-US","@id":"https:\/\/www.epes-lb.org\/en\/#\/schema\/logo\/image\/","url":"https:\/\/www.epes-lb.org\/wp-content\/uploads\/2023\/12\/Logo-EPES-couleur-sans-fond.png","contentUrl":"https:\/\/www.epes-lb.org\/wp-content\/uploads\/2023\/12\/Logo-EPES-couleur-sans-fond.png","width":498,"height":501,"caption":"EPES Liban"},"image":{"@id":"https:\/\/www.epes-lb.org\/en\/#\/schema\/logo\/image\/"},"sameAs":["https:\/\/www.facebook.com\/profile.php?id=100079689706739","https:\/\/www.instagram.com\/epes.lb\/?igshid=OGQ5ZDc2ODk2ZA"]}]}},"_links":{"self":[{"href":"https:\/\/www.epes-lb.org\/en\/wp-json\/wp\/v2\/pages\/3682","targetHints":{"allow":["GET"]}}],"collection":[{"href":"https:\/\/www.epes-lb.org\/en\/wp-json\/wp\/v2\/pages"}],"about":[{"href":"https:\/\/www.epes-lb.org\/en\/wp-json\/wp\/v2\/types\/page"}],"author":[{"embeddable":true,"href":"https:\/\/www.epes-lb.org\/en\/wp-json\/wp\/v2\/users\/15"}],"replies":[{"embeddable":true,"href":"https:\/\/www.epes-lb.org\/en\/wp-json\/wp\/v2\/comments?post=3682"}],"version-history":[{"count":20,"href":"https:\/\/www.epes-lb.org\/en\/wp-json\/wp\/v2\/pages\/3682\/revisions"}],"predecessor-version":[{"id":3973,"href":"https:\/\/www.epes-lb.org\/en\/wp-json\/wp\/v2\/pages\/3682\/revisions\/3973"}],"up":[{"embeddable":true,"href":"https:\/\/www.epes-lb.org\/en\/wp-json\/wp\/v2\/pages\/1985"}],"wp:featuredmedia":[{"embeddable":true,"href":"https:\/\/www.epes-lb.org\/en\/wp-json\/wp\/v2\/media\/3210"}],"wp:attachment":[{"href":"https:\/\/www.epes-lb.org\/en\/wp-json\/wp\/v2\/media?parent=3682"}],"curies":[{"name":"wp","href":"https:\/\/api.w.org\/{rel}","templated":true}]}}